{"id":8395,"date":"2026-03-30T15:07:10","date_gmt":"2026-03-30T13:07:10","guid":{"rendered":"https:\/\/www.planetsolar.org\/?page_id=8395"},"modified":"2026-03-30T16:22:52","modified_gmt":"2026-03-30T14:22:52","slug":"das-team","status":"publish","type":"page","link":"https:\/\/www.planetsolar.org\/de\/planetarische-premiere\/das-team\/","title":{"rendered":"Das Team"},"content":{"rendered":"<div id=\"pl-8395\"  class=\"panel-layout\" ><div id=\"pg-8395-0\"  class=\"panel-grid panel-has-style\" ><div class=\"fps-top-banner siteorigin-panels-stretch panel-row-style panel-row-style-for-8395-0\" data-stretch-type=\"full-width-stretch\" ><div id=\"pgc-8395-0-0\"  class=\"panel-grid-cell\" ><div id=\"panel-8395-0-0-0\" class=\"so-panel widget widget_sow-hero panel-first-child panel-last-child\" data-index=\"0\" ><div class=\"fps-top panel-widget-style panel-widget-style-for-8395-0-0-0\" ><div\n\t\t\t\n\t\t\tclass=\"so-widget-sow-hero so-widget-sow-hero-default-0e2938eb93d5-8395 so-widget-fittext-wrapper\"\n\t\t\t data-fit-text-compressor=\"0.75\"\n\t\t>\t\t\t\t<div class=\"sow-slider-base\" style=\"display: none\" tabindex=\"0\">\n\t\t\t\t\t<ul\n\t\t\t\t\tclass=\"sow-slider-images\"\n\t\t\t\t\tdata-settings=\"{&quot;pagination&quot;:true,&quot;speed&quot;:800,&quot;timeout&quot;:8000,&quot;paused&quot;:false,&quot;pause_on_hover&quot;:false,&quot;swipe&quot;:&quot;&quot;,&quot;nav_always_show_desktop&quot;:&quot;&quot;,&quot;nav_always_show_mobile&quot;:&quot;&quot;,&quot;breakpoint&quot;:&quot;780px&quot;,&quot;unmute&quot;:false,&quot;anchor&quot;:null}\"\n\t\t\t\t\tstyle=\"min-height: 881px\"\t\t\t\t\tdata-anchor-id=\"\"\n\t\t\t\t>\t\t<li class=\"sow-slider-image  sow-slider-image-cover\" style=\"visibility: visible;;background-color: #0073ab\" >\n\t\t\t\t\t<div class=\"sow-slider-image-container\">\n\t\t\t<div class=\"sow-slider-image-wrapper\">\n\t\t\t\t<h1>PlanetSolar:<br \/>\nDas Team<\/h1>\n<div class=\"fps-bottom-waves\">&nbsp;<\/div>\n\t\t\t<\/div>\n\t\t<\/div>\n\t\t<div class=\"sow-slider-image-overlay sow-slider-image-cover\" style=\"opacity: 0.83;background-image: url(https:\/\/www.planetsolar.org\/wp-content\/uploads\/2018\/04\/22.Crew-with-explorers-club-flag-Monaco.jpg)\"  ><\/div>\t\t<\/li>\n\t\t<\/ul>\t\t\t\t<ol class=\"sow-slider-pagination\">\n\t\t\t\t\t\t\t\t\t\t\t<li><a href=\"#\" data-goto=\"0\" aria-label=\"Display slide 1\"><\/a><\/li>\n\t\t\t\t\t\t\t\t\t<\/ol>\n\n\t\t\t\t<div class=\"sow-slide-nav sow-slide-nav-next\">\n\t\t\t\t\t<a href=\"#\" data-goto=\"next\" aria-label=\"Next slide\" data-action=\"next\">\n\t\t\t\t\t\t<em class=\"sow-sld-icon-thin-right\"><\/em>\n\t\t\t\t\t<\/a>\n\t\t\t\t<\/div>\n\n\t\t\t\t<div class=\"sow-slide-nav sow-slide-nav-prev\">\n\t\t\t\t\t<a href=\"#\" data-goto=\"previous\" aria-label=\"Previous slide\" data-action=\"prev\">\n\t\t\t\t\t\t<em class=\"sow-sld-icon-thin-left\"><\/em>\n\t\t\t\t\t<\/a>\n\t\t\t\t<\/div>\n\t\t\t\t<\/div><\/div><\/div><\/div><\/div><\/div><\/div><div id=\"pg-8395-1\"  class=\"panel-grid panel-has-style\" ><div id=\"contenu\" class=\"panel-row-style panel-row-style-for-8395-1\" ><div id=\"pgc-8395-1-0\"  class=\"panel-grid-cell\" ><div id=\"panel-8395-1-0-0\" class=\"so-panel widget widget_sow-editor panel-first-child panel-last-child\" data-index=\"1\" ><div class=\"fps-nav panel-widget-style panel-widget-style-for-8395-1-0-0\" ><div\n\t\t\t\n\t\t\tclass=\"so-widget-sow-editor so-widget-sow-editor-base\"\n\t\t\t\n\t\t>\n<div class=\"siteorigin-widget-tinymce textwidget\">\n\t<ul>\n<li><a href=\"\/de\/planetarische-premiere\/#contenu\">Das Boot<\/a><\/li>\n<li><a href=\"\/de\/planetarische-premiere\/das-boot\/#contenu\">Das Boot<\/a><\/li>\n<li>Team<\/li>\n<li><a href=\"\/de\/planetarische-premiere\/interaktive-karte\/#contenu\">Interaktive Karte<\/a><\/li>\n<li><a href=\"\/de\/planetarische-premiere\/logbuch\/#contenu\">Logbuch<\/a><\/li>\n<li><a href=\"\/de\/planetarische-premiere\/videos\/#contenu\">Videos<\/a><\/li>\n<li><a href=\"\/de\/planetarische-premiere\/medien\/#contenu\">Medien<\/a><\/li>\n<\/ul>\n<\/div>\n<\/div><\/div><\/div><\/div><\/div><\/div><div id=\"pg-8395-2\"  class=\"panel-grid panel-has-style\" ><div class=\"siteorigin-panels-stretch panel-row-style panel-row-style-for-8395-2\" id=\"start\" data-stretch-type=\"full\" ><div id=\"pgc-8395-2-0\"  class=\"panel-grid-cell panel-grid-cell-mobile-last\" ><div id=\"panel-8395-2-0-0\" class=\"so-panel widget widget_sow-headline panel-first-child panel-last-child\" data-index=\"2\" ><div class=\"panel-widget-style panel-widget-style-for-8395-2-0-0\" ><div\n\t\t\t\n\t\t\tclass=\"so-widget-sow-headline so-widget-sow-headline-default-7bc68d8e3e53-8395 so-widget-fittext-wrapper\"\n\t\t\t data-fit-text-compressor=\"0.85\"\n\t\t><div class=\"sow-headline-container \">\n\t\t\t\t\t\t\t<h2 class=\"sow-headline\">\n\t\t\t\t\t\tDie Besatzungscrew\t\t\t\t\t\t<\/h2>\n\t\t\t\t\t\t\t\t\t\t\t\t<p class=\"sow-sub-headline\">\n\t\t\t\t\t\tDie passionierten und entschlossenen Seefahrer haben sich f\u00fcr eine einzigartige Herausforderung versammelt: die erste Weltumrundung, die ausschliesslich durch Solarenergie angetrieben wird.\t\t\t\t\t\t<\/p>\n\t\t\t\t\t\t<\/div>\n<\/div><\/div><\/div><\/div><div id=\"pgc-8395-2-1\"  class=\"panel-grid-cell panel-grid-cell-empty\" ><\/div><\/div><\/div><div id=\"pg-8395-3\"  class=\"panel-grid panel-no-style\" ><div id=\"pgc-8395-3-0\"  class=\"panel-grid-cell\" ><div id=\"panel-8395-3-0-0\" class=\"so-panel widget widget_sow-editor panel-first-child panel-last-child\" data-index=\"3\" ><div\n\t\t\t\n\t\t\tclass=\"so-widget-sow-editor so-widget-sow-editor-base\"\n\t\t\t\n\t\t>\n<div class=\"siteorigin-widget-tinymce textwidget\">\n\t<div class=\"fps-flex-team-container\"><div class=\"fps-flex-team-card\"><div class=\"fps-flex-team-img\" style=\"background-image: url(https:\/\/www.planetsolar.org\/wp-content\/uploads\/2018\/05\/2015_Team_0014_h_sm-782x1024.jpg);\"><\/div><div class=\"fps-flex-team-info\"><span class=\"fps-flex-team-name\">Rapha\u00ebl Domjan<\/span><span class=\"fps-flex-team-poste\">SCHWEIZ<\/span><span class=\"fps-flex-team-details\">Projektinitiator und Expeditionsleiter<\/span><\/div><\/div><div class=\"fps-flex-team-card\"><div class=\"fps-flex-team-img\" style=\"background-image: url(https:\/\/www.planetsolar.org\/wp-content\/uploads\/2018\/05\/25.Patrick-e1510565227452-251x300.jpg);\"><\/div><div class=\"fps-flex-team-info\"><span class=\"fps-flex-team-name\">Patrick Marchesseau<\/span><span class=\"fps-flex-team-poste\">FRANKREICH<\/span><span class=\"fps-flex-team-details\">Kapit\u00e4n von Monaco bis Noum\u00e9a, \u00dcberquerung des Golfs von Aden <\/span><\/div><\/div><div class=\"fps-flex-team-card\"><div class=\"fps-flex-team-img\" style=\"background-image: url(https:\/\/www.planetsolar.org\/wp-content\/uploads\/2018\/05\/Erwan-e1510565191525-249x300-e1525267130509.jpg);\"><\/div><div class=\"fps-flex-team-info\"><span class=\"fps-flex-team-name\">Erwann le Rouzic<\/span><span class=\"fps-flex-team-poste\">FRANKREICH<\/span><span class=\"fps-flex-team-details\">Kapit\u00e4n von Noum\u00e9a bis Monaco<\/span><\/div><\/div><div class=\"fps-flex-team-card\"><div class=\"fps-flex-team-img\" style=\"background-image: url(https:\/\/www.planetsolar.org\/wp-content\/uploads\/2018\/05\/20.Jens_.jpg);\"><\/div><div class=\"fps-flex-team-info\"><span class=\"fps-flex-team-name\">Jens Langwasser<\/span><span class=\"fps-flex-team-poste\">DEUTSCHLAND<\/span><span class=\"fps-flex-team-details\">Bauleiter von PlanetSolar und Bosco an Bord<\/span><\/div><\/div><\/div><div class=\"fps-flex-team-container\"><div class=\"fps-flex-team-card\"><div class=\"fps-flex-team-img\" style=\"background-image: url(https:\/\/www.planetsolar.org\/wp-content\/uploads\/2018\/05\/21.Christian-e1575276685130.jpg);\"><\/div><div class=\"fps-flex-team-info\"><span class=\"fps-flex-team-name\">Christian Ochsenbein<\/span><span class=\"fps-flex-team-poste\">SCHWEIZ<\/span><span class=\"fps-flex-team-details\">Elektroingenieur<\/span><\/div><\/div><div class=\"fps-flex-team-card\"><div class=\"fps-flex-team-img\" style=\"background-image: url(https:\/\/www.planetsolar.org\/wp-content\/uploads\/2018\/11\/301-e1542025169694.jpeg);\"><\/div><div class=\"fps-flex-team-info\"><span class=\"fps-flex-team-name\">Mickaela Von Koskull<\/span><span class=\"fps-flex-team-poste\">FINNLAND<\/span><span class=\"fps-flex-team-details\">Besatzungsmitglied von Monaco bis den Gal\u00e1pagos-Inseln<\/span><\/div><\/div><div class=\"fps-flex-team-card\"><div class=\"fps-flex-team-img\" style=\"background-image: url(https:\/\/www.planetsolar.org\/wp-content\/uploads\/2018\/11\/305-e1542025185561.jpeg);\"><\/div><div class=\"fps-flex-team-info\"><span class=\"fps-flex-team-name\">Daniel Stahl<\/span><span class=\"fps-flex-team-poste\">DEUTSCHLAND<\/span><span class=\"fps-flex-team-details\">Elektriker und Besatzungsmitglied von Monaco bis Cartagena (Kolumbien)<\/span><\/div><\/div><\/div>\n<\/div>\n<\/div><\/div><\/div><\/div><div id=\"pg-8395-4\"  class=\"panel-grid panel-has-style\" ><div class=\"siteorigin-panels-stretch panel-row-style panel-row-style-for-8395-4\" id=\"start\" data-stretch-type=\"full\" ><div id=\"pgc-8395-4-0\"  class=\"panel-grid-cell panel-grid-cell-mobile-last\" ><div id=\"panel-8395-4-0-0\" class=\"so-panel widget widget_sow-headline panel-first-child panel-last-child\" data-index=\"4\" ><div class=\"panel-widget-style panel-widget-style-for-8395-4-0-0\" ><div\n\t\t\t\n\t\t\tclass=\"so-widget-sow-headline so-widget-sow-headline-default-7bc68d8e3e53-8395 so-widget-fittext-wrapper\"\n\t\t\t data-fit-text-compressor=\"0.85\"\n\t\t><div class=\"sow-headline-container \">\n\t\t\t\t\t\t\t<h2 class=\"sow-headline\">\n\t\t\t\t\t\tRapha\u00ebl Domjan, Projektinitiator und Expeditionsleiter\t\t\t\t\t\t<\/h2>\n\t\t\t\t\t\t\t\t\t\t\t\t<p class=\"sow-sub-headline\">\n\t\t\t\t\t\tRapha\u00ebl Domjan wurde 1972 in Neuch\u00e2tel in der Schweiz geboren und begeistert sich seit seiner Kindheit f\u00fcr grosse Abenteuer. Die Aussicht auf die globale Erw\u00e4rmung, die er am Abschmelzen eines Gletschers in Island wahrnahm, veranlasste ihn dazu, Solarenergie als Chance f\u00fcr die Zukunft zu betrachten.\t\t\t\t\t\t<\/p>\n\t\t\t\t\t\t<\/div>\n<\/div><\/div><\/div><\/div><div id=\"pgc-8395-4-1\"  class=\"panel-grid-cell panel-grid-cell-empty\" ><\/div><\/div><\/div><div id=\"pg-8395-5\"  class=\"panel-grid panel-has-style\" ><div class=\"fps-bigger panel-row-style panel-row-style-for-8395-5\" ><div id=\"pgc-8395-5-0\"  class=\"panel-grid-cell\" ><div id=\"panel-8395-5-0-0\" class=\"so-panel widget widget_sow-editor panel-first-child\" data-index=\"5\" ><div\n\t\t\t\n\t\t\tclass=\"so-widget-sow-editor so-widget-sow-editor-base\"\n\t\t\t\n\t\t>\n<div class=\"siteorigin-widget-tinymce textwidget\">\n\t<p>Um diese weltweit bekannt zu machen und ihr Potenzial zu demonstrieren, hatte er die Idee, <strong>die erste Weltumrundung zu unternehmen, die vollst\u00e4ndig mit Sonnenenergie<\/strong> angetrieben wird. Aus diesem Traum entstand das Projekt <strong>PlanetSolar<\/strong>, das mit einer Crew an Bord des gr\u00f6ssten Solarkatamarans der Welt umgesetzt wurde.<\/p>\n<p>Da er sich f\u00fcr den Weg der Demonstration entschieden hat, um <strong>saubere Energien und Energieeffizienz<\/strong> zu f\u00f6rdern, leitet Rapha\u00ebl Abenteuer- und Forschungsprojekte. Diese dienen heute nicht mehr dazu, neue, noch unbekannte Gebiete zu entdecken oder Rekorde zu brechen. Ihr Ziel ist es, die <strong>Umwelt zu sch\u00fctzen<\/strong> und Zukunftsperspektiven in einer nachhaltigen Welt zu bieten.<\/p>\n<p>In order to promote it throughout the world and demonstrate its potential he thought of making <strong>the first world tour entirely fuelled by the sun\u2019s energy<\/strong>. The <strong>PlanetSolar<\/strong> project was the result of that dream, carried out by the crew of the largest solar catamaran in the world.<\/p>\n<p>Once he had chosen the demonstration route for promoting <strong>clean energies and energy efficiency<\/strong>, Rapha\u00ebl led adventure and exploration projects. Today these are no longer intended to discover new, still unknown lands or beat records. Their aim is <strong>to protect the environment<\/strong> and offer future perspectives in a <strong>sustainable world<\/strong>.<\/p>\n<\/div>\n<\/div><\/div><div id=\"panel-8395-5-0-1\" class=\"so-panel widget widget_sow-editor panel-last-child\" data-index=\"6\" ><div\n\t\t\t\n\t\t\tclass=\"so-widget-sow-editor so-widget-sow-editor-base\"\n\t\t\t\n\t\t>\n<div class=\"siteorigin-widget-tinymce textwidget\">\n\t<div class=\"columns large-4 small-12 medium-12\">\n<div class=\"panel hn-panel hn-flex-triptique-align-justify\" data-equalizer-watch=\"\">\n<p>Heute ist Rapha\u00ebl ein<strong> \u00d6koforscher und Referent<\/strong>, der sich \u00fcber seine Stiftung SolarPlanet f\u00fcr den Schutz des Planeten, der Biodiversit\u00e4t, der Atmosph\u00e4re und der Umwelt in der Schweiz und weltweit einsetzt. Rapha\u00ebl engagiert sich zudem in verschiedenen humanit\u00e4ren Projekten. Er m\u00f6chte den Einsatz erneuerbarer Energien in Entwicklungsl\u00e4ndern f\u00f6rdern und ihnen so erm\u00f6glichen, Energieunabh\u00e4ngigkeit zu erlangen und gleichzeitig neue Technologien zu entwickeln.<\/p>\n<\/div>\n<\/div>\n<\/div>\n<\/div><\/div><\/div><div id=\"pgc-8395-5-1\"  class=\"panel-grid-cell\" ><div id=\"panel-8395-5-1-0\" class=\"so-panel widget widget_sow-image panel-first-child panel-last-child\" data-index=\"7\" ><div\n\t\t\t\n\t\t\tclass=\"so-widget-sow-image so-widget-sow-image-default-8b5b6f678277-8395\"\n\t\t\t\n\t\t>\n<div class=\"sow-image-container\">\n\t\t<img \n\tsrc=\"https:\/\/www.planetsolar.org\/wp-content\/uploads\/2025\/02\/Team_SolarStratos_34-scaled.jpg\" width=\"1707\" height=\"2560\" srcset=\"https:\/\/www.planetsolar.org\/wp-content\/uploads\/2025\/02\/Team_SolarStratos_34-scaled.jpg 1707w, https:\/\/www.planetsolar.org\/wp-content\/uploads\/2025\/02\/Team_SolarStratos_34-200x300.jpg 200w, https:\/\/www.planetsolar.org\/wp-content\/uploads\/2025\/02\/Team_SolarStratos_34-683x1024.jpg 683w, https:\/\/www.planetsolar.org\/wp-content\/uploads\/2025\/02\/Team_SolarStratos_34-768x1152.jpg 768w, https:\/\/www.planetsolar.org\/wp-content\/uploads\/2025\/02\/Team_SolarStratos_34-1024x1536.jpg 1024w, https:\/\/www.planetsolar.org\/wp-content\/uploads\/2025\/02\/Team_SolarStratos_34-1365x2048.jpg 1365w\" sizes=\"(max-width: 1707px) 100vw, 1707px\" title=\"Team SolarStratos. Payerne, Switzerland, May 2023 \u00a9 Fred Merz | Lundi13\" alt=\"\" \t\tclass=\"so-widget-image\"\/>\n\t<\/div>\n\n<\/div><\/div><\/div><\/div><\/div><div id=\"pg-8395-6\"  class=\"panel-grid panel-has-style\" ><div class=\"siteorigin-panels-stretch panel-row-style panel-row-style-for-8395-6\" id=\"start\" data-stretch-type=\"full\" ><div id=\"pgc-8395-6-0\"  class=\"panel-grid-cell panel-grid-cell-mobile-last\" ><div id=\"panel-8395-6-0-0\" class=\"so-panel widget widget_sow-headline panel-first-child panel-last-child\" data-index=\"8\" ><div class=\"panel-widget-style panel-widget-style-for-8395-6-0-0\" ><div\n\t\t\t\n\t\t\tclass=\"so-widget-sow-headline so-widget-sow-headline-default-7bc68d8e3e53-8395 so-widget-fittext-wrapper\"\n\t\t\t data-fit-text-compressor=\"0.85\"\n\t\t><div class=\"sow-headline-container \">\n\t\t\t\t\t\t\t<h2 class=\"sow-headline\">\n\t\t\t\t\t\tPlanetSolar-Mitgr\u00fcnder\t\t\t\t\t\t<\/h2>\n\t\t\t\t\t\t\t\t\t\t\t\t<p class=\"sow-sub-headline\">\n\t\t\t\t\t\tDie vision\u00e4ren und mutigen Mitbegr\u00fcnder von PlanetSolar haben ein bahnbrechendes Abenteuer im Dienste der Energiewende konzipiert und verwirklicht.\t\t\t\t\t\t<\/p>\n\t\t\t\t\t\t<\/div>\n<\/div><\/div><\/div><\/div><div id=\"pgc-8395-6-1\"  class=\"panel-grid-cell panel-grid-cell-empty\" ><\/div><\/div><\/div><div id=\"pg-8395-7\"  class=\"panel-grid panel-has-style\" ><div class=\"fps-bigger panel-row-style panel-row-style-for-8395-7\" ><div id=\"pgc-8395-7-0\"  class=\"panel-grid-cell\" ><div id=\"panel-8395-7-0-0\" class=\"so-panel widget widget_sow-editor panel-first-child panel-last-child\" data-index=\"9\" ><div\n\t\t\t\n\t\t\tclass=\"so-widget-sow-editor so-widget-sow-editor-base\"\n\t\t\t\n\t\t>\n<div class=\"siteorigin-widget-tinymce textwidget\">\n\t<p><\/p>\n<h3>Rapha\u00ebl Domjan<br \/>\nStefan Nowak<br \/>\nPierre-Marcel Favre<br \/>\nJean-Fran\u00e7ois Affolter<\/h3>\n<\/div>\n<\/div><\/div><\/div><div id=\"pgc-8395-7-1\"  class=\"panel-grid-cell\" ><div id=\"panel-8395-7-1-0\" class=\"so-panel widget widget_sow-editor panel-first-child panel-last-child\" data-index=\"10\" ><div\n\t\t\t\n\t\t\tclass=\"so-widget-sow-editor so-widget-sow-editor-base\"\n\t\t\t\n\t\t>\n<div class=\"siteorigin-widget-tinymce textwidget\">\n\t<h3>S\u00e9bastien Fanti<br \/>\nJean-Luc Vautravers<br \/>\nMark Wuest<br \/>\nPascal Goulpi\u00e9<\/h3>\n<\/div>\n<\/div><\/div><\/div><\/div><\/div><div id=\"pg-8395-8\"  class=\"panel-grid panel-has-style\" ><div class=\"siteorigin-panels-stretch panel-row-style panel-row-style-for-8395-8\" id=\"start\" data-stretch-type=\"full\" ><div id=\"pgc-8395-8-0\"  class=\"panel-grid-cell panel-grid-cell-mobile-last\" ><div id=\"panel-8395-8-0-0\" class=\"so-panel widget widget_sow-headline panel-first-child panel-last-child\" data-index=\"11\" ><div class=\"panel-widget-style panel-widget-style-for-8395-8-0-0\" ><div\n\t\t\t\n\t\t\tclass=\"so-widget-sow-headline so-widget-sow-headline-default-7bc68d8e3e53-8395 so-widget-fittext-wrapper\"\n\t\t\t data-fit-text-compressor=\"0.85\"\n\t\t><div class=\"sow-headline-container \">\n\t\t\t\t\t\t\t<h2 class=\"sow-headline\">\n\t\t\t\t\t\tTechnik- und Kommunikations-Team\t\t\t\t\t\t<\/h2>\n\t\t\t\t\t\t\t\t\t\t\t\t<p class=\"sow-sub-headline\">\n\t\t\t\t\t\tEin engagiertes Team, das von Land aus jedem Schritt pr\u00e4zise koordiniert hat, damit dieses Solarabenteuer in die Geschichte eingehen konnte.\t\t\t\t\t\t<\/p>\n\t\t\t\t\t\t<\/div>\n<\/div><\/div><\/div><\/div><div id=\"pgc-8395-8-1\"  class=\"panel-grid-cell panel-grid-cell-empty\" ><\/div><\/div><\/div><div id=\"pg-8395-9\"  class=\"panel-grid panel-has-style\" ><div class=\"fps-bigger panel-row-style panel-row-style-for-8395-9\" ><div id=\"pgc-8395-9-0\"  class=\"panel-grid-cell\" ><div id=\"panel-8395-9-0-0\" class=\"so-panel widget widget_sow-editor panel-first-child panel-last-child\" data-index=\"12\" ><div\n\t\t\t\n\t\t\tclass=\"so-widget-sow-editor so-widget-sow-editor-base\"\n\t\t\t\n\t\t>\n<div class=\"siteorigin-widget-tinymce textwidget\">\n\t<h3>Alexis Domjan<br \/>\nJo\u00ebl Sunier<br \/>\nPascal Goulpi\u00e9<br \/>\nPierre Carroz<br \/>\nCorinne Mottu<br \/>\nCatherine Maher<br \/>\nPatrick Cotting<\/h3>\n<\/div>\n<\/div><\/div><\/div><div id=\"pgc-8395-9-1\"  class=\"panel-grid-cell\" ><div id=\"panel-8395-9-1-0\" class=\"so-panel widget widget_sow-editor panel-first-child panel-last-child\" data-index=\"13\" ><div\n\t\t\t\n\t\t\tclass=\"so-widget-sow-editor so-widget-sow-editor-base\"\n\t\t\t\n\t\t>\n<div class=\"siteorigin-widget-tinymce textwidget\">\n\t<h3>Claudia Babl<br \/>\nWiktor Korewa<br \/>\nMathieu Pape<br \/>\nFlorence Weber<br \/>\nJean-Marc Paratte<br \/>\nRachel Bros de Puechredon<br \/>\nKornelia Kneissl<\/h3>\n<\/div>\n<\/div><\/div><\/div><\/div><\/div><div id=\"pg-8395-10\"  class=\"panel-grid panel-has-style\" ><div class=\"siteorigin-panels-stretch panel-row-style panel-row-style-for-8395-10\" id=\"start\" data-stretch-type=\"full\" ><div id=\"pgc-8395-10-0\"  class=\"panel-grid-cell panel-grid-cell-mobile-last\" ><div id=\"panel-8395-10-0-0\" class=\"so-panel widget widget_sow-headline panel-first-child panel-last-child\" data-index=\"14\" ><div class=\"panel-widget-style panel-widget-style-for-8395-10-0-0\" ><div\n\t\t\t\n\t\t\tclass=\"so-widget-sow-headline so-widget-sow-headline-default-7bc68d8e3e53-8395 so-widget-fittext-wrapper\"\n\t\t\t data-fit-text-compressor=\"0.85\"\n\t\t><div class=\"sow-headline-container \">\n\t\t\t\t\t\t\t<h2 class=\"sow-headline\">\n\t\t\t\t\t\tPaten und Patinnen\t\t\t\t\t\t<\/h2>\n\t\t\t\t\t\t\t\t\t\t\t\t<p class=\"sow-sub-headline\">\n\t\t\t\t\t\tEngagierte Pers\u00f6nlichkeiten, die dieses bahnbrechende Abenteuer unterst\u00fctzt und dazu beigetragen haben, PlanetSolar und seine Mission weltweit bekannt zu machen.\t\t\t\t\t\t<\/p>\n\t\t\t\t\t\t<\/div>\n<\/div><\/div><\/div><\/div><div id=\"pgc-8395-10-1\"  class=\"panel-grid-cell panel-grid-cell-empty\" ><\/div><\/div><\/div><div id=\"pg-8395-11\"  class=\"panel-grid panel-has-style\" ><div class=\"fps-bigger panel-row-style panel-row-style-for-8395-11\" ><div id=\"pgc-8395-11-0\"  class=\"panel-grid-cell\" ><div id=\"panel-8395-11-0-0\" class=\"so-panel widget widget_sow-editor panel-first-child panel-last-child\" data-index=\"15\" ><div\n\t\t\t\n\t\t\tclass=\"so-widget-sow-editor so-widget-sow-editor-base\"\n\t\t\t\n\t\t>\n<div class=\"siteorigin-widget-tinymce textwidget\">\n\t<p><strong>Albert II de Monaco<\/strong><br \/>\nF\u00fcrstentum Monaco<\/p>\n<p><strong>G\u00e9rard d\u2019Aboville<\/strong><br \/>\nSeefahrer und ehemaliges Mitglied des Europ\u00e4ischen Parlaments<\/p>\n<p><strong>Christophe Keckeis<\/strong><br \/>\nehemaliger Chef der Schweizer Armee<\/p>\n<p><strong>Albert Falco<\/strong><br \/>\nOzeanaut und Teil der Besatzung von Jacques-Yves Cousteau<\/p>\n<p><strong>Pierre-Marcel Favre<\/strong><br \/>\nSchweizer Herausgeber<\/p>\n<p><strong>Jean-Michel Cousteau<\/strong><br \/>\nSohn von Jacques-Yves Cousteau et fondateur d\u2019Ocean Futures Society<\/p>\n<p><strong>Jean Verne<\/strong><br \/>\nEnkel von Jules Verne<\/p>\n<p><strong>Nando Parrado<\/strong><br \/>\n\u00dcberlebender des Fluges 571 der Fuerza A\u00e9rea Uruguaya und Autor von \u201eWunder in den Anden\u201c<\/p>\n<p><strong>Jean-Louis Etienne<\/strong><br \/>\nArtz und franz\u00f6sischer Forscher<\/p>\n<p><strong>Jean-Luc Van Den Heede<\/strong><br \/>\nfranz\u00f6sischer Seefahrer<\/p>\n<\/div>\n<\/div><\/div><\/div><div id=\"pgc-8395-11-1\"  class=\"panel-grid-cell\" ><div id=\"panel-8395-11-1-0\" class=\"so-panel widget widget_sow-editor panel-first-child panel-last-child\" data-index=\"16\" ><div\n\t\t\t\n\t\t\tclass=\"so-widget-sow-editor so-widget-sow-editor-base\"\n\t\t\t\n\t\t>\n<div class=\"siteorigin-widget-tinymce textwidget\">\n\t<p><strong>Kenichi Horie<\/strong><br \/>\njapanischer Seefahrer, der als Erster den Pazifik mit einem Solarboot \u00fcberquerte<\/p>\n<p><strong>Jason Lewis<\/strong><br \/>\namerikanischer Schauspieler<\/p>\n<p><strong>Serge Roethli<\/strong><br \/>\nSchweizer Bergf\u00fchrer<\/p>\n<p><strong>Nicolas Prantzos<\/strong><br \/>\nAstrophysiker, Forschungsdirektor am CNRS<\/p>\n<p><strong>Fernand Cuche<\/strong><br \/>\nehemaliger Staatsrat von Neuenburg<\/p>\n<p><strong>Jean-Louis Aucouturier<\/strong><br \/>\nDozent am Labor IXL, Bordeaux<\/p>\n<p><strong>Andr\u00e9 Schneider<\/strong><br \/>\nehemaliger Generaldirektor von Gen\u00e8ve A\u00e9roport, ehemaliger Vizepr\u00e4sident der EPFL<\/p>\n<p><strong>Jean-Loup Chr\u00e9tien<\/strong><br \/>\nfranz\u00f6sischer Astronaut<\/p>\n<p><strong>Jacques Rougerie<\/strong><br \/>\nfranz\u00f6sischer Architekt und Ozeanograph<\/p>\n<\/div>\n<\/div><\/div><\/div><\/div><\/div><\/div>","protected":false},"excerpt":{"rendered":"<p>Das Boot Das Boot Team Interaktive Karte Logbuch Videos Medien<\/p>\n","protected":false},"author":1,"featured_media":0,"parent":7971,"menu_order":0,"comment_status":"closed","ping_status":"closed","template":"","meta":{"_acf_changed":false,"footnotes":""},"class_list":["post-8395","page","type-page","status-publish","hentry","post"],"acf":[],"_links":{"self":[{"href":"https:\/\/www.planetsolar.org\/de\/wp-json\/wp\/v2\/pages\/8395","targetHints":{"allow":["GET"]}}],"collection":[{"href":"https:\/\/www.planetsolar.org\/de\/wp-json\/wp\/v2\/pages"}],"about":[{"href":"https:\/\/www.planetsolar.org\/de\/wp-json\/wp\/v2\/types\/page"}],"author":[{"embeddable":true,"href":"https:\/\/www.planetsolar.org\/de\/wp-json\/wp\/v2\/users\/1"}],"replies":[{"embeddable":true,"href":"https:\/\/www.planetsolar.org\/de\/wp-json\/wp\/v2\/comments?post=8395"}],"version-history":[{"count":9,"href":"https:\/\/www.planetsolar.org\/de\/wp-json\/wp\/v2\/pages\/8395\/revisions"}],"predecessor-version":[{"id":8450,"href":"https:\/\/www.planetsolar.org\/de\/wp-json\/wp\/v2\/pages\/8395\/revisions\/8450"}],"up":[{"embeddable":true,"href":"https:\/\/www.planetsolar.org\/de\/wp-json\/wp\/v2\/pages\/7971"}],"wp:attachment":[{"href":"https:\/\/www.planetsolar.org\/de\/wp-json\/wp\/v2\/media?parent=8395"}],"curies":[{"name":"wp","href":"https:\/\/api.w.org\/{rel}","templated":true}]}}